{"id":4334,"date":"2020-06-27T12:24:13","date_gmt":"2020-06-27T10:24:13","guid":{"rendered":"http:\/\/www.stilmarmo.it\/?page_id=4334"},"modified":"2020-06-27T12:24:44","modified_gmt":"2020-06-27T10:24:44","slug":"os-nossos-materiais","status":"publish","type":"page","link":"https:\/\/www.stilmarmo.it\/pt-pt\/a-empresa\/os-nossos-materiais\/","title":{"rendered":"Os nossos materiais"},"content":{"rendered":"<section class=\"section swatch-palette-stilmarmo margintop20px section-text-no-shadow section-inner-no-shadow section-normal section-opaque\"  data-label=\"\">\n    \n    <div class=\"background-overlay grid-overlay-0 \" style=\"background-color: rgba(175,17,29,0);\"><\/div>\n\n    <div class=\"container\">\n        <div class=\"row vertical-top\">\n            <div class=\"col-md-12     text-default small-screen-default\"  style=\"background:#292929;\"><header class=\"text-left fontsize20px fontweight300 element-no-top element-no-bottom not-condensed\" data-os-animation=\"none\" data-os-animation-delay=\"0s\" >\n    <h1 class=\"normal regular no-bordered-header bordered-small\"style=\"color:#f2efe8;\" >\n        Os nossos materiais    <\/h1>\n    <\/header>\n<\/div>        <\/div>\n    <\/div>\n<\/section>\n<section class=\"section swatch-white  section-text-no-shadow section-inner-no-shadow section-normal section-opaque\"  data-label=\"\">\n    \n    <div class=\"background-overlay grid-overlay-0 \" style=\"background-color: rgba(250,249,246,1);\"><\/div>\n\n    <div class=\"container\">\n        <div class=\"row vertical-top\">\n            <div class=\"col-md-12    padding0 text-default small-screen-default\"  ><div class=\"figure  element-no-top element-short-bottom image-filter-none image-filter-onhover fade-in text-center figcaption-middle normalwidth\" data-os-animation=\"none\" data-os-animation-delay=\"0s\">\n            <a href=\"https:\/\/www.stilmarmo.it\/wp-content\/uploads\/2020\/06\/azienda-1.jpg\" class=\"figure-image magnific image-all\" data-links=\"\" target=\"_self\">\n    \n    <img decoding=\"async\" src=\"https:\/\/www.stilmarmo.it\/wp-content\/uploads\/2020\/06\/azienda-1.jpg\"   class=\"normalwidth\" \/>    \n            <\/a>\n    \n<\/div><\/div>        <\/div>\n    <\/div>\n<\/section>\n<section class=\"section swatch-white margintop-24px section-text-no-shadow section-inner-no-shadow section-normal section-opaque\"  data-label=\"\">\n    \n    <div class=\"background-overlay grid-overlay-0 \" style=\"background-color: rgba(250,249,246,1);\"><\/div>\n\n    <div class=\"container\">\n        <div class=\"row vertical-top\">\n            <div class=\"col-md-12     text-default small-screen-default\"  style=\"background:#eae5db;\"><div class=\"font-size14px element-short-top element-short-bottom\" data-os-animation=\"none\" data-os-animation-delay=\"0s\">\n    <p>A miss\u00e3o de Stilmarmo \u00e9 promover a Pedra de Apricena ( Pietra di Apricena) em todo o mundo, tamb\u00e9m conhecida como Pedra de Trani (Pietra di Trani).<\/p>\n<p>A bacia de m\u00e1rmore da Pietra di Apricena \u00e9 uma das maiores da It\u00e1lia, segunda apenas a de Carrara.<\/p>\n<p>A Pedra de Apricena inclui quatro macro-fam\u00edlias \u2013 Serpeggiante, Fiorito, Bronzetto e Biancone \u2013 que compartilham proveni\u00eancia e caracter\u00edsticas t\u00e9cnicas, mas diferem do ponto de vista est\u00e9tico.<\/p>\n<p>O Serpeggiante \u00e9 conhecido em todo o mundo pelas suas caracter\u00edsticas \u00fanicas, o que o torna um dos materiais mais solicitados para os projetos de maior prest\u00edgio em todo o mundo.<\/p>\n<p>Tradicionalmente recortado, o Serpeggiante revela os veios caracter\u00edsticos e uma cor bege que tornam sua textura semelhante \u00e0 madeira, de modo a ser chamado de \u201cm\u00e1rmore de madeira\u201d.<\/p>\n<p>O Fiorito e o Bronzetto possuem tons na cor de bege claro a mais quentes, e padr\u00f5es que variam dependendo do tipo, da presen\u00e7a de veias rosadas a turvas.<\/p>\n<p>Serpeggiante, Fiorito, Bronzetto e Biancone s\u00e3o adequados para aplica\u00e7\u00f5es internas e externas, gra\u00e7as \u00e0s suas excelentes caracter\u00edsticas t\u00e9cnicas.<\/p>\n<\/div><\/div>        <\/div>\n    <\/div>\n<\/section>\n<section class=\"section swatch-white  section-text-no-shadow section-inner-no-shadow section-normal section-opaque\"  data-label=\"\">\n    \n    <div class=\"background-overlay grid-overlay-0 \" style=\"background-color: rgba(0,0,0,0);\"><\/div>\n\n    <div class=\"container\">\n        <div class=\"row vertical-top\">\n            <div class=\"col-md-12     text-default small-screen-default\"  ><div class=\" element-short-top element-short-bottom\" data-os-animation=\"none\" data-os-animation-delay=\"0s\">\n    <p><!--more--><\/p>\n<\/div><\/div>        <\/div>\n    <\/div>\n<\/section>\n","protected":false},"excerpt":{"rendered":"Os nossos materiais A miss\u00e3o de Stilmarmo \u00e9 promover a Pedra de Apricena ( Pietra di Apricena) em todo o mundo, tamb\u00e9m conhecida como Pedra de Trani (Pietra di Trani). A bacia de m\u00e1rmore da Pietra di Apricena \u00e9 uma das maiores da It\u00e1lia, segunda apenas a de Carrara. A Pedra de Apricena inclui quatro","protected":false},"author":1,"featured_media":0,"parent":4286,"menu_order":0,"comment_status":"open","ping_status":"open","template":"","meta":{"footnotes":""},"class_list":["post-4334","page","type-page","status-publish","hentry"],"aioseo_notices":[],"_links":{"self":[{"href":"https:\/\/www.stilmarmo.it\/pt-pt\/wp-json\/wp\/v2\/pages\/4334","targetHints":{"allow":["GET"]}}],"collection":[{"href":"https:\/\/www.stilmarmo.it\/pt-pt\/wp-json\/wp\/v2\/pages"}],"about":[{"href":"https:\/\/www.stilmarmo.it\/pt-pt\/wp-json\/wp\/v2\/types\/page"}],"author":[{"embeddable":true,"href":"https:\/\/www.stilmarmo.it\/pt-pt\/wp-json\/wp\/v2\/users\/1"}],"replies":[{"embeddable":true,"href":"https:\/\/www.stilmarmo.it\/pt-pt\/wp-json\/wp\/v2\/comments?post=4334"}],"version-history":[{"count":1,"href":"https:\/\/www.stilmarmo.it\/pt-pt\/wp-json\/wp\/v2\/pages\/4334\/revisions"}],"predecessor-version":[{"id":4335,"href":"https:\/\/www.stilmarmo.it\/pt-pt\/wp-json\/wp\/v2\/pages\/4334\/revisions\/4335"}],"up":[{"embeddable":true,"href":"https:\/\/www.stilmarmo.it\/pt-pt\/wp-json\/wp\/v2\/pages\/4286"}],"wp:attachment":[{"href":"https:\/\/www.stilmarmo.it\/pt-pt\/wp-json\/wp\/v2\/media?parent=4334"}],"curies":[{"name":"wp","href":"https:\/\/api.w.org\/{rel}","templated":true}]}}