{"id":4320,"date":"2020-06-27T12:17:52","date_gmt":"2020-06-27T10:17:52","guid":{"rendered":"http:\/\/www.stilmarmo.it\/?page_id=4320"},"modified":"2023-06-19T17:47:52","modified_gmt":"2023-06-19T15:47:52","slug":"quem-somos","status":"publish","type":"page","link":"https:\/\/www.stilmarmo.it\/pt-pt\/a-empresa\/quem-somos\/","title":{"rendered":"Quem Somos"},"content":{"rendered":"<section class=\"section swatch-palette-stilmarmo margintop20px section-text-no-shadow section-inner-no-shadow section-normal section-opaque\"  data-label=\"\">\n    \n    <div class=\"background-overlay grid-overlay-0 \" style=\"background-color: rgba(175,17,29,0);\"><\/div>\n\n    <div class=\"container\">\n        <div class=\"row vertical-top\">\n            <div class=\"col-md-12     text-default small-screen-default\"  style=\"background:#292929;\"><header class=\"text-left fontsize20px fontweight300 element-no-top element-no-bottom not-condensed\" data-os-animation=\"none\" data-os-animation-delay=\"0s\" >\n    <h1 class=\"normal regular no-bordered-header bordered-small\"style=\"color:#f2efe8;\" >\n        Quem Somos    <\/h1>\n    <\/header>\n<\/div>        <\/div>\n    <\/div>\n<\/section>\n<section class=\"section swatch-white  section-text-no-shadow section-inner-no-shadow section-normal section-opaque\"  data-label=\"\">\n    \n    <div class=\"background-overlay grid-overlay-0 \" style=\"background-color: rgba(250,249,246,1);\"><\/div>\n\n    <div class=\"container\">\n        <div class=\"row vertical-top\">\n            <div class=\"col-md-12    padding0 text-default small-screen-default\"  ><div class=\"figure  element-no-top element-short-bottom image-filter-none image-filter-onhover fade-in text-center figcaption-middle normalwidth\" data-os-animation=\"none\" data-os-animation-delay=\"0s\">\n            <a href=\"https:\/\/www.stilmarmo.it\/wp-content\/uploads\/2020\/06\/azienda-1.jpg\" class=\"figure-image magnific image-all\" data-links=\"\" target=\"_self\">\n    \n    <img decoding=\"async\" src=\"https:\/\/www.stilmarmo.it\/wp-content\/uploads\/2020\/06\/azienda-1.jpg\"   class=\"normalwidth\" \/>    \n            <\/a>\n    \n<\/div><\/div>        <\/div>\n    <\/div>\n<\/section>\n<section class=\"section swatch-white margintop-24px section-text-no-shadow section-inner-no-shadow section-normal section-opaque\"  data-label=\"\">\n    \n    <div class=\"background-overlay grid-overlay-0 \" style=\"background-color: rgba(250,249,246,1);\"><\/div>\n\n    <div class=\"container\">\n        <div class=\"row vertical-top\">\n            <div class=\"col-md-12     text-default small-screen-default\"  style=\"background:#eae5db;\"><div class=\"font-size14px element-short-top element-short-bottom\" data-os-animation=\"none\" data-os-animation-delay=\"0s\">\n    <p>Fundada em 1990, Stilmarmo representa a segunda gera\u00e7\u00e3o de uma fam\u00edlia ativa no setor de m\u00e1rmore desde a d\u00e9cada de 1960.<\/p>\n<p>Stilmarmo hoje \u00e9 uma empresa l\u00edder na extra\u00e7\u00e3o, produ\u00e7\u00e3o e comercializa\u00e7\u00e3o de \u201cPietra di Apricena\u201d (Pedra de Apricena), tamb\u00e9m conhecida como \u201cPietra di Trani\u201d (Pedra de Trani).<\/p>\n<p>Stilmarmo inclui uma pedreira de propriedade, duas f\u00e1bricas que ocupam uma \u00e1rea de aproximadamente 40.000 m2, equipamentos de ponta, experi\u00eancia, paix\u00e3o e aten\u00e7\u00e3o em saber como satisfazer as necessidades mut\u00e1veis e crescentes dos mercados internacionais.<\/p>\n<p>Stilmarmo representa um experimento bem sucedido em combinar tradi\u00e7\u00e3o e inova\u00e7\u00e3o, conseguido tamb\u00e9m gra\u00e7as ao papel estrat\u00e9gico da Pesquisa e Desenvolvimento, aos quais Stilmarmo dedica recursos e aten\u00e7\u00e3o constante.<\/p>\n<\/div><\/div>        <\/div>\n    <\/div>\n<\/section>\n<section class=\"section swatch-white  section-text-no-shadow section-inner-no-shadow section-normal section-opaque\"  data-label=\"\">\n    \n    <div class=\"background-overlay grid-overlay-0 \" style=\"background-color: rgba(0,0,0,0);\"><\/div>\n\n    <div class=\"container\">\n        <div class=\"row vertical-top\">\n            <div class=\"col-md-12     text-default small-screen-default\"  ><div class=\" element-short-top element-short-bottom\" data-os-animation=\"none\" data-os-animation-delay=\"0s\">\n    <p><!--more--><\/p>\n<\/div><\/div>        <\/div>\n    <\/div>\n<\/section>\n","protected":false},"excerpt":{"rendered":"Quem Somos Fundada em 1990, Stilmarmo representa a segunda gera\u00e7\u00e3o de uma fam\u00edlia ativa no setor de m\u00e1rmore desde a d\u00e9cada de 1960. Stilmarmo hoje \u00e9 uma empresa l\u00edder na extra\u00e7\u00e3o, produ\u00e7\u00e3o e comercializa\u00e7\u00e3o de \u201cPietra di Apricena\u201d (Pedra de Apricena), tamb\u00e9m conhecida como \u201cPietra di Trani\u201d (Pedra de Trani). Stilmarmo inclui uma pedreira de","protected":false},"author":1,"featured_media":0,"parent":4286,"menu_order":0,"comment_status":"open","ping_status":"open","template":"","meta":{"footnotes":""},"class_list":["post-4320","page","type-page","status-publish","hentry"],"aioseo_notices":[],"_links":{"self":[{"href":"https:\/\/www.stilmarmo.it\/pt-pt\/wp-json\/wp\/v2\/pages\/4320","targetHints":{"allow":["GET"]}}],"collection":[{"href":"https:\/\/www.stilmarmo.it\/pt-pt\/wp-json\/wp\/v2\/pages"}],"about":[{"href":"https:\/\/www.stilmarmo.it\/pt-pt\/wp-json\/wp\/v2\/types\/page"}],"author":[{"embeddable":true,"href":"https:\/\/www.stilmarmo.it\/pt-pt\/wp-json\/wp\/v2\/users\/1"}],"replies":[{"embeddable":true,"href":"https:\/\/www.stilmarmo.it\/pt-pt\/wp-json\/wp\/v2\/comments?post=4320"}],"version-history":[{"count":2,"href":"https:\/\/www.stilmarmo.it\/pt-pt\/wp-json\/wp\/v2\/pages\/4320\/revisions"}],"predecessor-version":[{"id":5031,"href":"https:\/\/www.stilmarmo.it\/pt-pt\/wp-json\/wp\/v2\/pages\/4320\/revisions\/5031"}],"up":[{"embeddable":true,"href":"https:\/\/www.stilmarmo.it\/pt-pt\/wp-json\/wp\/v2\/pages\/4286"}],"wp:attachment":[{"href":"https:\/\/www.stilmarmo.it\/pt-pt\/wp-json\/wp\/v2\/media?parent=4320"}],"curies":[{"name":"wp","href":"https:\/\/api.w.org\/{rel}","templated":true}]}}